{"id":2879,"date":"2017-12-11T08:10:00","date_gmt":"2017-12-11T07:10:00","guid":{"rendered":"http:\/\/konradschule.de\/?page_id=2879"},"modified":"2026-02-23T05:12:08","modified_gmt":"2026-02-23T04:12:08","slug":"sport-und-bewegung","status":"publish","type":"page","link":"https:\/\/konradschule.de\/?page_id=2879","title":{"rendered":"Sport und Bewegung"},"content":{"rendered":"\t\t<div data-elementor-type=\"wp-page\" data-elementor-id=\"2879\" class=\"elementor elementor-2879\">\n\t\t\t\t<div class=\"elementor-element elementor-element-438ad52 e-flex e-con-boxed e-con e-parent\" data-id=\"438ad52\" data-element_type=\"container\">\n\t\t\t\t\t<div class=\"e-con-inner\">\n\t\t\t\t<div class=\"elementor-element elementor-element-b860745 elementor-widget elementor-widget-button\" data-id=\"b860745\" data-element_type=\"widget\" data-widget_type=\"button.default\">\n\t\t\t\t\t\t\t\t\t\t<a class=\"elementor-button elementor-button-link elementor-size-sm\" href=\"https:\/\/konradschule.de\/?page_id=12\">\n\t\t\t\t\t\t<span class=\"elementor-button-content-wrapper\">\n\t\t\t\t\t\t<span class=\"elementor-button-icon\">\n\t\t\t\t<svg aria-hidden=\"true\" class=\"e-font-icon-svg e-far-arrow-alt-circle-left\" viewBox=\"0 0 512 512\" xmlns=\"http:\/\/www.w3.org\/2000\/svg\"><path d=\"M8 256c0 137 111 248 248 248s248-111 248-248S393 8 256 8 8 119 8 256zm448 0c0 110.5-89.5 200-200 200S56 366.5 56 256 145.5 56 256 56s200 89.5 200 200zm-72-20v40c0 6.6-5.4 12-12 12H256v67c0 10.7-12.9 16-20.5 8.5l-99-99c-4.7-4.7-4.7-12.3 0-17l99-99c7.6-7.6 20.5-2.2 20.5 8.5v67h116c6.6 0 12 5.4 12 12z\"><\/path><\/svg>\t\t\t<\/span>\n\t\t\t\t\t\t\t\t\t<span class=\"elementor-button-text\">zur\u00fcck<\/span>\n\t\t\t\t\t<\/span>\n\t\t\t\t\t<\/a>\n\t\t\t\t\t\t\t\t<\/div>\n\t\t\t\t\t<\/div>\n\t\t\t\t<\/div>\n\t\t<div class=\"elementor-element elementor-element-74a07146 e-flex e-con-boxed e-con e-parent\" data-id=\"74a07146\" data-element_type=\"container\">\n\t\t\t\t\t<div class=\"e-con-inner\">\n\t\t\t\t<div class=\"elementor-element elementor-element-64a338 elementor-widget elementor-widget-text-editor\" data-id=\"64a338\" data-element_type=\"widget\" data-widget_type=\"text-editor.default\">\n\t\t\t\t\t\t\t\t\t<p>\u00a0<\/p><p style=\"text-align: justify;\">Im Bereich Sport bietet unsere Schule \u00fcber den regul\u00e4ren Sport- und Schwimmunterricht hinaus noch eine Vielzahl an Projekten sowie regelm\u00e4\u00dfige, zus\u00e4tzliche Sportstunden an. In enger Zusammenarbeit mit den ortsans\u00e4ssigen Vereinen, der Teilnahme an au\u00dferschulischen, landesweiten Ausschreibungen und Sportprojekten und nicht zuletzt durch das unerm\u00fcdliche Engagement unseres Sportlehrerteams bieten wir den Sch\u00fclern regelm\u00e4\u00dfig ein buntes, abwechslungsreiches Bewegungsprogramm.<\/p><p><img decoding=\"async\" class=\"size-full wp-image-2686 aligncenter\" src=\"https:\/\/konradschule.de\/wp-content\/uploads\/2017\/12\/Sportkonni.png\" alt=\"\" width=\"126\" height=\"145\" \/><\/p><p><span style=\"font-size: 14pt; color: #ff0000;\"><strong>Fit und gesund &#8211; Wir sind Sport-Grundschule seit 2022\/2023<\/strong><\/span><\/p><p><a href=\"https:\/\/konradschule.de\/?page_id=8096\"><img decoding=\"async\" class=\"aligncenter size-full wp-image-8103\" src=\"https:\/\/konradschule.de\/wp-content\/uploads\/2018\/10\/sportschule.jpg\" alt=\"\" width=\"250\" height=\"167\" \/><\/a><\/p><hr \/><p><span style=\"font-size: 14pt; color: #0000ff;\"><strong><span style=\"color: #ff0000;\">Voll in Form<\/span><img decoding=\"async\" class=\"size-full wp-image-2468 aligncenter\" src=\"https:\/\/konradschule.de\/wp-content\/uploads\/2017\/12\/Voll-in-Form.jpg\" alt=\"\" width=\"156\" height=\"135\" \/><\/strong><\/span><\/p><p style=\"text-align: justify;\">Die Bewegungsinitiative &#8222;Voll in Form&#8220; tr\u00e4gt den Zusatz &#8222;t\u00e4glich bewegen &#8211; gesund essen &#8211; leichter lernen&#8220; und zielt darauf ab, Bewegung und Ern\u00e4hrung systematisch und regelm\u00e4\u00dfig in den Schulalltag einzubeziehen.<br \/>Wir setzen \u201eVoll-in-Form\u201c durch vielf\u00e4ltige Bewegungs\u00fcbungen in einem rhythmisierten Unterrichtstag regelm\u00e4\u00dfig um sowie mit vielf\u00e4ltigen Aktionen zum Thema gesunde Ern\u00e4hrung (siehe auch Schulfrucht-programm, Bio Brotbox oder Ern\u00e4hrungslok). Als Schule sehen wir unsere Aufgabe darin Sch\u00fcler und Elternhaus f\u00fcr die Notwendigkeit guter, gesunder Ern\u00e4hrung und t\u00e4glicher Bewegung als Basis von Gesundheit, Wohlbefinden sowie Lern- und Schulerfolg nachhaltig zu sensibilisieren.<\/p><hr \/><p><span style=\"font-size: 14pt;\"><strong>REGELM\u00c4\u00dfIGE SPORTANGEBOTE<\/strong><\/span><\/p><p style=\"text-align: left;\"><span style=\"font-size: 14pt; color: #ff0000;\"><strong>Sport nach Eins<a href=\"https:\/\/konradschule.de\/wp-content\/uploads\/2017\/12\/SportnachEins.png\"><img loading=\"lazy\" decoding=\"async\" class=\"wp-image-2687 aligncenter\" src=\"https:\/\/konradschule.de\/wp-content\/uploads\/2017\/12\/SportnachEins-1024x942.png\" alt=\"\" width=\"128\" height=\"118\" \/><\/a><\/strong><\/span><\/p><p><strong>Was ist \u201eSport nach 1\u201c?<\/strong><\/p><p style=\"text-align: justify;\">Das Bayerische Kultusministerium und der Bayerische Landes-Sportverband haben 1991 das Kooperationsmodell \u201eSport nach 1\u201c in Schule und Verein gegr\u00fcndet. \u201eSport nach 1\u201c ist ein Bindeglied zwischen dem schulischen Sportunterricht und dem Breiten- und Leistungssport im Verein.<\/p><p style=\"text-align: justify;\">Mit Hilfe der finanziellen Unterst\u00fctzung der Gemeinde bzw. dieses Jahr der B\u00fcrgerstiftung Haar, k\u00f6nnen wir auch dieses Schuljahr an vier Wochentagen kostenlose Sportkurse f\u00fcr alle Kinder anbieten. Aktuell setzt sich das abwechslungsreiche Bewegungsprogramm des TSV Haar f\u00fcr unser Projekt &#8222;Sport nach Eins&#8220; aus Turnen, Tennis, Taekwondo, &#8222;Rund um den Ball&#8220; und dem erfolgreichen Anf\u00e4ngerschwimmkursen zusammen.<\/p><p><span style=\"font-size: 14pt;\"><strong>Sport nach eins &#8211; schwimmen<\/strong><\/span><\/p><p>Ein herzliches Dankesch\u00f6n an die B\u00fcrgerstiftung Haar &#8211; mit Hilfe Ihrer gro\u00dfz\u00fcgigen Spende in H\u00f6he von 4000Euro k\u00f6nnen wir auch dieses Jahr wieder Sport nach Eins &#8222;SCHWIMMEN&#8220; f\u00fcr beide Haarer Grundschulen anbieten.<\/p><p>Den Schwimmanf\u00e4ngern der Konradschule und der Jagdfeldschule stehen jeweils 10 Schwimmeinheiten als Blockunterricht\u00a0 zur Verf\u00fcgung. Die erfahrenen und sehr erfolgreichen Schwimmtrainerinnen Frau Ott, Julia Kienbacher, Lisa Kienbacher und Frau Pawelczak des TSV Haar unterrichten die Kinder in unserem Konradhallenbad jeden Mittwoch von 13.15Uhr bis 14.45Uhr.<\/p><p>Mit wenigen Ausnahmen \u00fcberwinden alle Kinder ihre Angst vor dem Wasser und schlie\u00dfen mit dem Seepferdchenabzeichen ab.<\/p><p>Hier ein paar Eindr\u00fccke des erfolgreichen und lebenswichtigen Konzepts &#8211; Sport nach Eins &#8222;Anf\u00e4ngerschwimmen&#8220;:<\/p><p><img loading=\"lazy\" decoding=\"async\" class=\"wp-image-9157 aligncenter\" src=\"https:\/\/konradschule.de\/wp-content\/uploads\/2018\/12\/JAKU2813.jpg\" alt=\"\" width=\"136\" height=\"203\" \/> <img loading=\"lazy\" decoding=\"async\" class=\"wp-image-9156 aligncenter\" src=\"https:\/\/konradschule.de\/wp-content\/uploads\/2018\/12\/JAKU2812.jpg\" alt=\"\" width=\"304\" height=\"202\" srcset=\"https:\/\/konradschule.de\/wp-content\/uploads\/2018\/12\/JAKU2812.jpg 375w, https:\/\/konradschule.de\/wp-content\/uploads\/2018\/12\/JAKU2812-300x200.jpg 300w\" sizes=\"(max-width: 304px) 100vw, 304px\" \/><\/p><hr \/><p><span style=\"font-size: 14pt; color: #ff0000;\"><strong>Ganztagessport<\/strong><\/span><\/p><p style=\"text-align: justify;\">Das KJR-Team bietet in der Freizeit der Ganztagessch\u00fcler flexibel und spontan regelm\u00e4\u00dfige Sportaktivit\u00e4ten wie Bouldern, Fu\u00dfball, Ballspiele, Klettern und Bewegung auf dem Natur-Erlebnis-Schulhof oder am Abenteuerspielplatz in Eglfing.<\/p><hr \/><p><span style=\"font-size: 14pt; color: #ff0000;\"><strong>Bouldern in der Schule <\/strong><\/span><\/p><p style=\"text-align: justify;\">Der Boulderraum des Deutschen Alpenvereins Sektion Haar im Schulgeb\u00e4ude macht es m\u00f6glich. Mit viel Freude klettern unsere Sch\u00fcler unter Aufsicht der Lehrkr\u00e4fte oder Betreuer des Kreisjugendrings in der kleinen Halle mit den vielen, variantenreichen Bouldertouren. Unser Team wird hierf\u00fcr j\u00e4hrlich von Fachkr\u00e4ften des DAV Sektion Haar speziell eingewiesen.<\/p><hr \/><p><span style=\"font-size: 14pt;\"><strong>SPORTPROJEKTE<\/strong><\/span><\/p><p><span style=\"font-size: 14pt; color: #ff0000;\"><strong>Bundesjugendspiele und das Deutsche Sportabzeichen<\/strong><\/span><\/p><p style=\"text-align: center;\">In der Leichtathletik finden jeden Juli die Bundesjugendspiele und die Abnahme des Deutschen Sportabzeichens im Sportstadion Eglfing statt.<a href=\"https:\/\/konradschule.de\/wp-content\/uploads\/2017\/12\/bJSP.jpg\"><img loading=\"lazy\" decoding=\"async\" class=\"wp-image-2792 aligncenter\" src=\"https:\/\/konradschule.de\/wp-content\/uploads\/2017\/12\/bJSP.jpg\" alt=\"\" width=\"109\" height=\"86\" \/><\/a><\/p><p style=\"text-align: justify;\">Zu den Disziplinen der <strong>Bundesjugendspiele<\/strong> geh\u00f6ren das Weitspringen, das Werfen mit dem Schlagball und der 30m- oder 50m- Sprint (je nach Jahrgang der Sch\u00fcler). F\u00fcr ihre Teilnahme und den sportlichen Erfolg werden die Sch\u00fcler jeweils mit den entsprechenden Urkunden geehrt. Die erfolgreichsten Sch\u00fcler einer Klassenstufe werden im Rahmen einer Sportlerehrung nochmals mit einer Medallie belohnt.<\/p><p style=\"text-align: justify;\"><a href=\"https:\/\/konradschule.de\/wp-content\/uploads\/2017\/12\/Sportab.png\"><img loading=\"lazy\" decoding=\"async\" class=\"wp-image-2795 aligncenter\" src=\"https:\/\/konradschule.de\/wp-content\/uploads\/2017\/12\/Sportab.png\" alt=\"\" width=\"239\" height=\"54\" srcset=\"https:\/\/konradschule.de\/wp-content\/uploads\/2017\/12\/Sportab.png 409w, https:\/\/konradschule.de\/wp-content\/uploads\/2017\/12\/Sportab-300x67.png 300w\" sizes=\"(max-width: 239px) 100vw, 239px\" \/><\/a><\/p><p style=\"text-align: justify;\">Sch\u00fcler aller Jahrgangsstufen k\u00f6nnen kostenlos das <strong>Deutsche Sportabzeichen<\/strong> an unserer Schule absolvieren. Als Teilnahmebedingung z\u00e4hlt der Schwimmf\u00e4higkeitsnachweis: die Kinder m\u00fcssen 50m ohne Pause (ohne Zeitlimit) schwimmen k\u00f6nnen. Des Weiteren m\u00fcssen sie ihre Ausdauerf\u00e4higkeit in einem 800m Lauf unter Beweis stellen und im Rahmen der Bundesjugendspiele werden ihre Leistungen im Sprint,\u00a0 Weitwurf und -springen bewertet. Je nach Leistung erh\u00e4lt man eine bestimmte Punktzahl, die Gesamtpunktzahl entscheidet schlie\u00dflich \u00fcber &#8222;kein Sportabzeichen&#8220; oder ein &#8222;Bronze-, Silber- oder Goldabzeichen&#8220;.<\/p><hr \/><p><span style=\"color: #ff0000;\"><strong><span style=\"font-size: 14pt;\">Schwimmabzeichenabnahmen<\/span><\/strong><\/span><\/p><p>Im Rahmen des Schwimmunterrichts sowie an gesonderten Terminen im Freibad nehmen wir die Jugendschwimmabzeichen ab.<\/p><p>Hier ein paar Eindr\u00fccke:<\/p><p><img loading=\"lazy\" decoding=\"async\" class=\"wp-image-11276 aligncenter\" src=\"https:\/\/konradschule.de\/wp-content\/uploads\/2019\/07\/20190627_103525-1-300x169.jpg\" alt=\"\" width=\"466\" height=\"263\" srcset=\"https:\/\/konradschule.de\/wp-content\/uploads\/2019\/07\/20190627_103525-1-300x169.jpg 300w, https:\/\/konradschule.de\/wp-content\/uploads\/2019\/07\/20190627_103525-1-768x432.jpg 768w, https:\/\/konradschule.de\/wp-content\/uploads\/2019\/07\/20190627_103525-1.jpg 1024w\" sizes=\"(max-width: 466px) 100vw, 466px\" \/> <img loading=\"lazy\" decoding=\"async\" class=\"wp-image-11274 aligncenter\" src=\"https:\/\/konradschule.de\/wp-content\/uploads\/2019\/07\/IMG_2131-225x300.jpg\" alt=\"\" width=\"205\" height=\"273\" srcset=\"https:\/\/konradschule.de\/wp-content\/uploads\/2019\/07\/IMG_2131-225x300.jpg 225w, https:\/\/konradschule.de\/wp-content\/uploads\/2019\/07\/IMG_2131.jpg 768w\" sizes=\"(max-width: 205px) 100vw, 205px\" \/><\/p><hr \/><p><span style=\"font-size: 14pt; color: #ff0000;\"><strong>Pickleball- &amp; Padel-Tenniswoche<\/strong><\/span><\/p><p>Die St.- Konrad-Sportgrundschule bleibt am Ball \u2013 voll im Trend!<\/p><p>Der TSV Haar machts m\u00f6glich!<\/p><p>Eine ganze Woche sammelten die Grundsch\u00fcler der St.- Konrad-Sportgrundschule umfangreiche Erfahrung rund um den \u201eTennisschl\u00e4ger\u201c.<\/p><p>Herr Machwirth stellte unserer Schule sowohl den erfahrenen Tennistrainer Uwe Ewert f\u00fcr den Pickleball- und Padel-Tennisunterricht als auch das Material sowie die Padel Anlage f\u00fcr eine Woche lang zur Verf\u00fcgung.<\/p><p>Die ersten und zweiten Klassen durften die neue Trendsportart Pickleball in der Turnhalle ausprobieren, die dritten und vierten Klassen Padel Tennis auf der neuen Anlage im Racketpark Eglfing.<\/p><p><img loading=\"lazy\" decoding=\"async\" class=\"aligncenter wp-image-19292\" src=\"https:\/\/konradschule.de\/wp-content\/uploads\/2025\/06\/IMG_3616-scaled.jpg\" alt=\"\" width=\"400\" height=\"533\" srcset=\"https:\/\/konradschule.de\/wp-content\/uploads\/2025\/06\/IMG_3616-scaled.jpg 1920w, https:\/\/konradschule.de\/wp-content\/uploads\/2025\/06\/IMG_3616-225x300.jpg 225w, https:\/\/konradschule.de\/wp-content\/uploads\/2025\/06\/IMG_3616-768x1024.jpg 768w, https:\/\/konradschule.de\/wp-content\/uploads\/2025\/06\/IMG_3616-1152x1536.jpg 1152w, https:\/\/konradschule.de\/wp-content\/uploads\/2025\/06\/IMG_3616-1536x2048.jpg 1536w\" sizes=\"(max-width: 400px) 100vw, 400px\" \/> <img loading=\"lazy\" decoding=\"async\" class=\"aligncenter wp-image-19293\" src=\"https:\/\/konradschule.de\/wp-content\/uploads\/2025\/06\/JRM_0967-scaled.jpg\" alt=\"\" width=\"317\" height=\"211\" srcset=\"https:\/\/konradschule.de\/wp-content\/uploads\/2025\/06\/JRM_0967-scaled.jpg 2560w, https:\/\/konradschule.de\/wp-content\/uploads\/2025\/06\/JRM_0967-300x200.jpg 300w, https:\/\/konradschule.de\/wp-content\/uploads\/2025\/06\/JRM_0967-1024x683.jpg 1024w, https:\/\/konradschule.de\/wp-content\/uploads\/2025\/06\/JRM_0967-768x512.jpg 768w, https:\/\/konradschule.de\/wp-content\/uploads\/2025\/06\/JRM_0967-1536x1024.jpg 1536w, https:\/\/konradschule.de\/wp-content\/uploads\/2025\/06\/JRM_0967-2048x1366.jpg 2048w\" sizes=\"(max-width: 317px) 100vw, 317px\" \/> <img loading=\"lazy\" decoding=\"async\" class=\"aligncenter wp-image-19294\" src=\"https:\/\/konradschule.de\/wp-content\/uploads\/2025\/06\/JRM_1000-scaled.jpg\" alt=\"\" width=\"400\" height=\"267\" srcset=\"https:\/\/konradschule.de\/wp-content\/uploads\/2025\/06\/JRM_1000-scaled.jpg 2560w, https:\/\/konradschule.de\/wp-content\/uploads\/2025\/06\/JRM_1000-300x200.jpg 300w, https:\/\/konradschule.de\/wp-content\/uploads\/2025\/06\/JRM_1000-1024x683.jpg 1024w, https:\/\/konradschule.de\/wp-content\/uploads\/2025\/06\/JRM_1000-768x512.jpg 768w, https:\/\/konradschule.de\/wp-content\/uploads\/2025\/06\/JRM_1000-1536x1024.jpg 1536w, https:\/\/konradschule.de\/wp-content\/uploads\/2025\/06\/JRM_1000-2048x1366.jpg 2048w\" sizes=\"(max-width: 400px) 100vw, 400px\" \/><\/p><hr \/><p><span style=\"font-size: 14pt; color: #0000ff;\"><strong><span style=\"color: #ff0000;\">Skipping Hearts<\/span><img loading=\"lazy\" decoding=\"async\" class=\"size-full wp-image-2467 aligncenter\" src=\"https:\/\/konradschule.de\/wp-content\/uploads\/2017\/12\/Skipping-hearts.jpg\" alt=\"\" width=\"150\" height=\"53\" \/><\/strong><\/span><\/p><p style=\"text-align: justify;\">Skipping Hearts m\u00f6chte Kinder bewegen und bietet ihnen ein Training im Bereich Rope Skipping (sportliche Form des Seilspringens) an. Rope Skipping eignet sich hervorragend, um Kindern eine gute sportmotorische Basis zu vermitteln. Im Team werden Schnelligkeit, Ausdauer und Kraft, aber auch Koordination, Beweglichkeit und das Rhythmusgef\u00fchl verbessert. Skipping Hearts ist ein Angebot der deutschen Herzstiftung und ist seit letztem Schuljahr in einzelnen Klassen zu Gast gewesen. Mit Begeisterung und gro\u00dfer Bewegungsfreude waren die Kinder stets bei der Sache. Bei vielen wurde der Ehrgeiz geweckt noch geschickter und ausdauernder in diesem Sport zu werden, sodass sie sich ein Springseil f\u00fcr die Freizeit zugelegt haben.<\/p><p><img loading=\"lazy\" decoding=\"async\" class=\"aligncenter\" src=\"http:\/\/www.konradschule.de\/Schueler\/eindruecke\/2016-17\/rope4.jpg\" alt=\"\" width=\"450\" height=\"253\" border=\"0\" \/><\/p><hr \/><p><span style=\"font-size: 14pt; color: #ff0000;\"><strong>Handballprojektwoche<\/strong><\/span><\/p><p style=\"text-align: justify;\">Die Handballprojektwoche geh\u00f6rt seit Jahren zu unseren festen Sportevents. Im Rahmen dieser Sportwoche erh\u00e4lt jede Klasse einen 90min\u00fctigen Handballschnupperkurs unter der Leitung von Trainerin \u00a0Mijanou Leins der Handballabteilung des TSV Haar.<\/p><p style=\"text-align: justify;\"><strong><em>&#8222;Ihr seid die Klasse \u00a0<\/em>\u00a0 &#8211;\u00a0 \u2026\u00a0 &#8211; <em>wir bilden zusammen<\/em>\u00a0<\/strong> &#8211; <strong>e<em>in Team \u2013 pack` mas!\u201c<\/em><\/strong> wie echte Profihandballer starten alle Jahrgangsstufen in ihre Einheit.<\/p><p style=\"text-align: justify;\">Prellen, passen, laufen und Tore werfen \u2013 in allen Variationen und zum guten Schluss noch ein richtiges Handballspiel \u2013 die Kinder der Konradschule sind jedes Jahr aufs Neue\u00a0 begeistert.<\/p><p style=\"text-align: justify;\">Ob sechs, sieben, acht, neun oder zehn Jahre alt &#8211; das Handballfieber erfasst die Sch\u00fcler schon nach kurzer Zeit:<\/p><p>Im Schuljahr 2019\/2020 fand die Projektwoche im M\u00e4rz 2020 statt. Ein herzliches Dankesch\u00f6n an Mijanou f\u00fcr die tolle Woche!<\/p><hr \/><p><span style=\"font-size: 14pt; color: #ff0000;\"><strong>Baseballprojektwoche<\/strong><\/span><\/p><p style=\"text-align: justify;\">Der Baseball- und Softballverein Disciples M\u00fcnchen-Haar E.V. veranstaltet immer wieder f\u00fcr jede Klasse der Konradschule ein 90-min\u00fctiges Schnuppertraining auf ihrem Spiel- und Trainingsplatz in Eglfing.<\/p><p style=\"text-align: justify;\">Die Sch\u00fcler lernen unter professioneller Anleitung der Bundesligaspieler und Trainier der Disciples das Werfen, Schlagen und Fangen im Baseball und testen ihre ersten Bewegungen auch in einem kleinen Spiel.<\/p><p style=\"text-align: justify;\">Konzentration, Koordination sowie Schnelligkeit ist gefragt und es macht allen sehr viel Spa\u00df!<a href=\"https:\/\/konradschule.de\/wp-content\/uploads\/2017\/12\/IMG_5569-e1513030081402.jpg\"><img loading=\"lazy\" decoding=\"async\" class=\"alignnone wp-image-2950 aligncenter\" src=\"https:\/\/konradschule.de\/wp-content\/uploads\/2017\/12\/IMG_5569-e1513030081402-200x300.jpg\" alt=\"\" width=\"142\" height=\"213\" \/><\/a><\/p><hr \/><p><span style=\"color: #ff0000;\"><strong>&#8222;Keep cool at school!&#8220;-Projekt\u00a0<\/strong><\/span><\/p><p>Als Pilotschule kamen unsere Kinder in den Genuss einer Schulung zur Bewegungspr\u00e4vention durch eine Bewegungsfachkraft der &#8222;Aktion R\u00fcckenwirbel e.V.&#8220;. Die Lehrkr\u00e4fte erhielten erg\u00e4nzend eine Fortbildung, sodass die vorgestellten \u00dcbungen zur Verbesserung der K\u00f6rperhaltung und Pr\u00e4vention von R\u00fcckenleiden t\u00e4glich in den Schulvormittag als Bewegungspause integriert werden k\u00f6nnen.<\/p><p style=\"padding-left: 240px;\"><img loading=\"lazy\" decoding=\"async\" class=\"alignnone size-full wp-image-19943\" src=\"https:\/\/konradschule.de\/wp-content\/uploads\/2025\/10\/Keep-cool-at-school-1.png\" alt=\"\" width=\"316\" height=\"463\" srcset=\"https:\/\/konradschule.de\/wp-content\/uploads\/2025\/10\/Keep-cool-at-school-1.png 316w, https:\/\/konradschule.de\/wp-content\/uploads\/2025\/10\/Keep-cool-at-school-1-205x300.png 205w\" sizes=\"(max-width: 316px) 100vw, 316px\" \/><img loading=\"lazy\" decoding=\"async\" class=\"alignnone size-full wp-image-19944\" src=\"https:\/\/konradschule.de\/wp-content\/uploads\/2025\/10\/Keep-cool-at-school-2.png\" alt=\"\" width=\"326\" height=\"471\" srcset=\"https:\/\/konradschule.de\/wp-content\/uploads\/2025\/10\/Keep-cool-at-school-2.png 326w, https:\/\/konradschule.de\/wp-content\/uploads\/2025\/10\/Keep-cool-at-school-2-208x300.png 208w\" sizes=\"(max-width: 326px) 100vw, 326px\" \/><\/p><hr \/><hr \/><p><span style=\"font-size: 14pt; color: #ff0000;\"><strong>Schonraum\u00fcbungen mit dem Fahrrad: Fit f\u00fcr den Stra\u00dfenverkehr<\/strong><\/span><\/p><p style=\"text-align: justify;\">Fr\u00fch \u00fcbt sich, dies gilt auch f\u00fcr das Fahrradfahren. Bremsen, mit einer Hand am Lenkrad fahren, kleine Hindernisse umfahren, auf andere Fahrradfahrer und Fu\u00dfg\u00e4nger R\u00fccksicht nehmen \u2026 &#8211; das Ganze ist f\u00fcr viele Kinder gar nicht so einfach. Nicht jedes Kind f\u00e4hrt in seiner Freizeit mit dem Fahrrad, \u00fcbt sich mit einem Elternteil im Stra\u00dfenverkehr oder kann in einer sicheren Umgebung seine koordinativen F\u00e4higkeiten mit dem zweir\u00e4drigen Gef\u00e4hrt festigen.<\/p><p style=\"text-align: justify;\">Aus diesem Grunde bietet die Schule j\u00e4hrlich \u201eSchonraum\u00fcbungen\u201c an. Die \u00dcbungsfahrr\u00e4der werden uns von der Polizei \u2013\u00a0 der Verkehrswacht \u2013 zur Verf\u00fcgung gestellt und alle 2. und 3. Klassen \u00fcben je nach Wetterlagen auf dem Sportplatz oder in der Turnhalle das Fahrradfahren.<\/p><p style=\"text-align: justify;\">In der 4. Jahrgangsstufe wird es dann ernst, denn dann m\u00fcssen wir \u201eFIT F\u00dcR DEN STRA\u00dfENVERKEHR\u201c sein! In der letzten Grundschulklasse wird die Fahrradpr\u00fcfung praktisch und m\u00fcndlich abgelegt und nur wer diese bestanden hat, darf anschlie\u00dfend wie die Erwachsenen auf der Stra\u00dfe Fahrradfahren.<\/p><p style=\"text-align: justify;\">Hier ein paar Eindr\u00fccke eines Hallenparcours mit besonderen Hindernissen und Aufgabenstellungen: im \u201eSchneckenrennen\u201c trainierten wir unser Gleichgewicht \u2013 der langsamste und fehlerfreie Fahrer war der Gewinner. Beim Schattenfahren bestimmte unser Vordermann die \u00dcbungen, beim \u201eStoppspiel\u201c \u00fcbten wir mit beiden Bremsen und nicht unseren Fu\u00dfsohlen zu halten und anschlie\u00dfend ging es f\u00fcr jedes Kind dreimal in den Parcours:<\/p><p style=\"text-align: center;\"><a href=\"https:\/\/konradschule.de\/wp-content\/uploads\/2017\/12\/IMG_4723.jpg\">\u00a0<\/a><a href=\"https:\/\/konradschule.de\/wp-content\/uploads\/2017\/12\/IMG_4724.jpg\"><img loading=\"lazy\" decoding=\"async\" class=\"alignnone wp-image-2865\" src=\"https:\/\/konradschule.de\/wp-content\/uploads\/2017\/12\/IMG_4724-225x300.jpg\" alt=\"\" width=\"131\" height=\"175\" srcset=\"https:\/\/konradschule.de\/wp-content\/uploads\/2017\/12\/IMG_4724-225x300.jpg 225w, https:\/\/konradschule.de\/wp-content\/uploads\/2017\/12\/IMG_4724-768x1024.jpg 768w, https:\/\/konradschule.de\/wp-content\/uploads\/2017\/12\/IMG_4724.jpg 960w\" sizes=\"(max-width: 131px) 100vw, 131px\" \/>\u00a0<\/a><\/p><hr \/><p><span style=\"font-size: 14pt; color: #0000ff;\"><strong><span style=\"color: #ff0000;\">Lauf dich fit<\/span><a href=\"https:\/\/konradschule.de\/wp-content\/uploads\/2017\/12\/logo.png\"><img loading=\"lazy\" decoding=\"async\" class=\"wp-image-2955 aligncenter\" src=\"https:\/\/konradschule.de\/wp-content\/uploads\/2017\/12\/logo-300x300.png\" alt=\"\" width=\"154\" height=\"154\" srcset=\"https:\/\/konradschule.de\/wp-content\/uploads\/2017\/12\/logo-300x300.png 300w, https:\/\/konradschule.de\/wp-content\/uploads\/2017\/12\/logo-150x150.png 150w, https:\/\/konradschule.de\/wp-content\/uploads\/2017\/12\/logo.png 320w\" sizes=\"(max-width: 154px) 100vw, 154px\" \/><\/a><\/strong><\/span><\/p><p style=\"text-align: justify;\">&#8222;Lauf dich fit&#8220; ist ein Laufprojekt des Bayerischen Leichtathletik-Verbandes mit dem Ziel, dass Kinder und Jugendliche nach mehrw\u00f6chigen \u00dcbungs- bzw. Trainingsphasen 15 oder sogar 30 Minuten ohne Gehpausen ausdauernd laufen k\u00f6nnen.<\/p><p style=\"text-align: justify;\">Mit dem Ziel ist die St\u00e4rkung der aeroben Ausdauerf\u00e4higkeit und damit der Leistung des Herz-Kreislaufsystems verbunden. Somit bietet diese sportarten\u00fcbergreifende Fitness zugleich einen wesentlichen Beitrag zur pr\u00e4ventiven Gesundheitsf\u00f6rderung. Des Weiteren hat diese Leistungssteigerung auch noch positive Effekte auf die Konzentrationsf\u00e4higkeit, die Selbstverantwortung, die Selbsterfahrung sowie auf das Sozialverhalten.<\/p><hr \/><p><span style=\"font-size: 14pt; color: #0000ff;\"><strong><span style=\"color: #ff0000;\">Anf\u00e4ngerschwimmkurs des TSV Haar f\u00fcr unsere Grundschulkinder<\/span><br \/><\/strong><\/span><\/p><p>Juhu &#8211; wir haben es geschafft! Es gibt einen Anf\u00e4ngerschwimmkurs an unsere Schule. Jeden Mittwoch von 13.15Uhr bis 14.45Uhr findet unter Leitung erfahrener Schwimmtrainer des TSV Haar ein Kurs f\u00fcr unsere Nichtschwimmer statt.<\/p><hr \/><p><span style=\"font-size: 14pt; color: #ff0000;\"><strong>Sport Stacking mit Speed Stacks<\/strong><\/span><\/p><p>Ob als warming-up im Fachbereich Mathematik zur F\u00f6rderung der vernetzten Denkf\u00e4higkeiten, als psychohygienische Ma\u00dfnahme zur Auflockerung, zur F\u00f6rderung der Konzentrationsf\u00e4higkeit, zur Verbesserung der Beidhandkoordination, zum L\u00f6sen von Blockaden oder als Staffelspiel und Wettkampf im Sportunterricht &#8211; Sport Stacking bereitet Freude und ist vielseitig einsetzbar.<\/p><hr \/><p><span style=\"font-size: 14pt; color: #ff0000;\"><strong>Fu\u00dfball &amp; Co &#8211; die Fu\u00dfballprojektwoche 2018<\/strong><\/span><\/p><p>Das Rennen beginnt und die Vorbereitungen laufen auf Hochtouren &#8230;.<\/p><p>Mit einem Foto und dem Plakat der Klasse 4a warben im November 2017 unsere Grundsch\u00fcler um einen ehemaligen Sch\u00fcler und Vereinsmitglied des TSV Haar: um die Fu\u00dfballegende SEPP MAIER.<\/p><p>Nur zu gerne h\u00e4tten wir unseren &#8222;Maier Sepp&#8220; als Schirmherr f\u00fcr unser Fu\u00dfballturnier im Sommer 2018 gehabt. Sepp Maier w\u00e4re auch wirklich gerne gekommen, dies hat er uns mehrfach mittgeteilt. Doch zum Zeitpunkt des Turniers befindet er sich im Auftrag der WM auf einer Auslandsreise. Hier seine pers\u00f6nliche Nachricht an uns:<\/p><p><em>Liebe Sch\u00fcler der Grundschule an der Konradstra\u00dfe,<\/em><\/p><p><em>vielen Dank f\u00fcr Eure sch\u00f6ne Einladung. Da habt Ihr Euch wirklich viel M\u00fche gegeben. Leider kann ich aber nicht zu Eurem Fu\u00dfballturnier kommen, weil ich n\u00e4chstes Jahr im Juni im Rahmen der WM im Ausland unterwegs bin.<\/em><\/p><p><em>Ich w\u00fcnsche Euch ein erfolgreiches Turnier und hoffe auf Euer Verst\u00e4ndnis!<\/em><\/p><p><em>Herzliche Gr\u00fc\u00dfe<\/em><\/p><p><em>Euer Sepp Maier<\/em><\/p><hr \/><p><span style=\"font-size: 14pt; color: #ff0000;\"><strong>Wintersport<\/strong><\/span><\/p><p>Sobald es die Schnee- und Wetterlage zul\u00e4sst, finden Rodelausfl\u00fcge zu den heimatlichen Schlittenbergen und auch Ausfl\u00fcge in das Eisstadion statt.<\/p><p>Diese Schuljahr 2018\/2019 konnten wir sogar erstmalig auch noch das Langlaufen anbieten:<\/p><p><strong>Langlaufschnupperwoche in Eglfing \u2013 Wintersportwoche an der St.-Konradschule<\/strong><\/p><p>Langlaufen vor der \u201eSchult\u00fcr\u201c \u2013 die Firma Fischer machte es m\u00f6glich.<\/p><p>Timm Lohmann von der Firma Fischer stellte der Konradschule 25 Paar Kinderlanglaufski, St\u00f6cke und ca. 60 Langlaufschuhe in den Gr\u00f6\u00dfen 30 bis 40 f\u00fcr eine Wintersportwoche zur Verf\u00fcgung.<\/p><p style=\"padding-left: 240px;\"><img loading=\"lazy\" decoding=\"async\" class=\"alignnone size-medium wp-image-10061\" src=\"https:\/\/konradschule.de\/wp-content\/uploads\/2019\/02\/IMG_9831-1-300x225.jpg\" alt=\"\" width=\"300\" height=\"225\" srcset=\"https:\/\/konradschule.de\/wp-content\/uploads\/2019\/02\/IMG_9831-1-300x225.jpg 300w, https:\/\/konradschule.de\/wp-content\/uploads\/2019\/02\/IMG_9831-1-768x576.jpg 768w, https:\/\/konradschule.de\/wp-content\/uploads\/2019\/02\/IMG_9831-1.jpg 1024w\" sizes=\"(max-width: 300px) 100vw, 300px\" \/> <img loading=\"lazy\" decoding=\"async\" class=\"alignnone size-medium wp-image-10062\" src=\"https:\/\/konradschule.de\/wp-content\/uploads\/2019\/02\/IMG_9837-1-300x225.jpg\" alt=\"\" width=\"300\" height=\"225\" srcset=\"https:\/\/konradschule.de\/wp-content\/uploads\/2019\/02\/IMG_9837-1-300x225.jpg 300w, https:\/\/konradschule.de\/wp-content\/uploads\/2019\/02\/IMG_9837-1-768x576.jpg 768w, https:\/\/konradschule.de\/wp-content\/uploads\/2019\/02\/IMG_9837-1.jpg 1024w\" sizes=\"(max-width: 300px) 100vw, 300px\" \/><\/p><p>Die Schnee- und Wetterlage war zu Beginn der Woche noch sehr unsicher, doch wir hatten Gl\u00fcck und erlebten vier aufregende, tolle Wintersporttage.<\/p><p>Ca. 280 Kinder testeten in vier Tagen das Langlaufen auf der Sportanlage in Eglfing. Meist befanden sich zwei Klassen gleichzeitig auf dem Fu\u00dfballrasenplatz. Eine Gruppe probierte das LANGLAUFEN; die andere Gruppe vergn\u00fcgte sich mit WINTERSPIELEN wie Schlittenrennen, Schneemann-Wett-Bauen, Schneet\u00fcrme bauen und abwerfen und anderen Staffelspielen im Schnee.<\/p><p style=\"padding-left: 320px;\"><img loading=\"lazy\" decoding=\"async\" class=\"alignnone wp-image-10065\" src=\"https:\/\/konradschule.de\/wp-content\/uploads\/2019\/02\/IMG_0195-1-225x300.jpg\" alt=\"\" width=\"214\" height=\"285\" srcset=\"https:\/\/konradschule.de\/wp-content\/uploads\/2019\/02\/IMG_0195-1-225x300.jpg 225w, https:\/\/konradschule.de\/wp-content\/uploads\/2019\/02\/IMG_0195-1.jpg 576w\" sizes=\"(max-width: 214px) 100vw, 214px\" \/> \u00a0\u00a0<img loading=\"lazy\" decoding=\"async\" class=\"alignnone wp-image-10068\" src=\"https:\/\/konradschule.de\/wp-content\/uploads\/2019\/02\/IMG_0277-225x300.jpg\" alt=\"\" width=\"214\" height=\"286\" srcset=\"https:\/\/konradschule.de\/wp-content\/uploads\/2019\/02\/IMG_0277-225x300.jpg 225w, https:\/\/konradschule.de\/wp-content\/uploads\/2019\/02\/IMG_0277.jpg 576w\" sizes=\"(max-width: 214px) 100vw, 214px\" \/> \u00a0<\/p><p>Das Langlaufen selbst begann erst mit \u201eRollerfahren\u201c auf einem Ski, ein paar Fangspielen und Gleichgewichts\u00fcbungen und dann ging es gleich mit 2 Skiern auf die \u201eLoipe\u201c rund um den Sportplatz.<\/p><p style=\"padding-left: 120px;\"><img loading=\"lazy\" decoding=\"async\" class=\"alignnone size-medium wp-image-10075\" src=\"https:\/\/konradschule.de\/wp-content\/uploads\/2019\/02\/IMG_6410-300x200.jpg\" alt=\"\" width=\"300\" height=\"200\" srcset=\"https:\/\/konradschule.de\/wp-content\/uploads\/2019\/02\/IMG_6410-300x200.jpg 300w, https:\/\/konradschule.de\/wp-content\/uploads\/2019\/02\/IMG_6410-768x512.jpg 768w, https:\/\/konradschule.de\/wp-content\/uploads\/2019\/02\/IMG_6410.jpg 1024w\" sizes=\"(max-width: 300px) 100vw, 300px\" \/> <img loading=\"lazy\" decoding=\"async\" class=\"alignnone size-medium wp-image-10076\" src=\"https:\/\/konradschule.de\/wp-content\/uploads\/2019\/02\/IMG_6433-300x200.jpg\" alt=\"\" width=\"300\" height=\"200\" srcset=\"https:\/\/konradschule.de\/wp-content\/uploads\/2019\/02\/IMG_6433-300x200.jpg 300w, https:\/\/konradschule.de\/wp-content\/uploads\/2019\/02\/IMG_6433-768x512.jpg 768w, https:\/\/konradschule.de\/wp-content\/uploads\/2019\/02\/IMG_6433.jpg 1024w\" sizes=\"(max-width: 300px) 100vw, 300px\" \/> \u00a0\u00a0\u00a0<img loading=\"lazy\" decoding=\"async\" class=\"alignnone wp-image-10080\" src=\"https:\/\/konradschule.de\/wp-content\/uploads\/2019\/02\/IMG_6619-300x200.jpg\" alt=\"\" width=\"302\" height=\"201\" srcset=\"https:\/\/konradschule.de\/wp-content\/uploads\/2019\/02\/IMG_6619-300x200.jpg 300w, https:\/\/konradschule.de\/wp-content\/uploads\/2019\/02\/IMG_6619-768x512.jpg 768w, https:\/\/konradschule.de\/wp-content\/uploads\/2019\/02\/IMG_6619.jpg 1024w\" sizes=\"(max-width: 302px) 100vw, 302px\" \/><\/p><p>Meist liefen oder spielten die Patenklassen zusammen, so wurde das Ganze auch zu einem sch\u00f6nen gemeinsamen Teamerlebnis.<\/p><p>Rote Backen, lachende begeisterte Gesichter, Ausrufe wie \u201eDas macht Spa\u00df!\u201c und die Frage: &#8222;Wo kann ich Langlaufskier kaufen?&#8220; war das Fazit dieser ereignisreichen Wintersportwoche.<\/p><hr \/><p><span style=\"font-size: 14pt; color: #ff0000;\"><strong>Wir bleiben fit! &#8211; Sportprojekte w\u00e4hrend der Coronazeit <span style=\"font-size: 14pt;\">(M\u00e4rz 2020 &#8211; Juli 2020)<\/span><\/strong><\/span><\/p><p>Regelm\u00e4\u00dfige Bewegung und St\u00e4rkung des Gemeinschaftsgef\u00fchls &#8211; das waren die Hauptziele unserer &#8222;Konni-Challenges&#8220;.<\/p><p style=\"padding-left: 240px;\"><img loading=\"lazy\" decoding=\"async\" class=\" wp-image-14373 alignnone\" src=\"https:\/\/konradschule.de\/wp-content\/uploads\/2020\/07\/Scan_20200720-218x300.jpg\" alt=\"\" width=\"205\" height=\"282\" srcset=\"https:\/\/konradschule.de\/wp-content\/uploads\/2020\/07\/Scan_20200720-218x300.jpg 218w, https:\/\/konradschule.de\/wp-content\/uploads\/2020\/07\/Scan_20200720.jpg 558w\" sizes=\"(max-width: 205px) 100vw, 205px\" \/> <img loading=\"lazy\" decoding=\"async\" class=\" wp-image-14372 alignnone\" src=\"https:\/\/konradschule.de\/wp-content\/uploads\/2020\/07\/Scan_20200720-3-218x300.jpg\" alt=\"\" width=\"206\" height=\"283\" srcset=\"https:\/\/konradschule.de\/wp-content\/uploads\/2020\/07\/Scan_20200720-3-218x300.jpg 218w, https:\/\/konradschule.de\/wp-content\/uploads\/2020\/07\/Scan_20200720-3.jpg 558w\" sizes=\"(max-width: 206px) 100vw, 206px\" \/><img loading=\"lazy\" decoding=\"async\" class=\" wp-image-14371 alignnone\" src=\"https:\/\/konradschule.de\/wp-content\/uploads\/2020\/07\/Scan_20200720-2-212x300.jpg\" alt=\"\" width=\"203\" height=\"287\" srcset=\"https:\/\/konradschule.de\/wp-content\/uploads\/2020\/07\/Scan_20200720-2-212x300.jpg 212w, https:\/\/konradschule.de\/wp-content\/uploads\/2020\/07\/Scan_20200720-2.jpg 542w\" sizes=\"(max-width: 203px) 100vw, 203px\" \/><\/p><p><strong>Hier die Ergebnislisten:<\/strong><\/p><p>Herzlichen Gl\u00fcckwunsch an alle Teilnehmer!<\/p><p>Wahnsinn wie viele Kilometer 2 oder 3 oder 4 oder h\u00f6chstens 5 Kinder einer Klasse in 44 Tagen gesammelt haben &#8211; ihr seid spitze!<\/p><p><img loading=\"lazy\" decoding=\"async\" class=\"size-medium wp-image-14417 aligncenter\" src=\"https:\/\/konradschule.de\/wp-content\/uploads\/2020\/07\/Scan_20200723-218x300.jpg\" alt=\"\" width=\"218\" height=\"300\" srcset=\"https:\/\/konradschule.de\/wp-content\/uploads\/2020\/07\/Scan_20200723-218x300.jpg 218w, https:\/\/konradschule.de\/wp-content\/uploads\/2020\/07\/Scan_20200723.jpg 558w\" sizes=\"(max-width: 218px) 100vw, 218px\" \/><\/p><hr \/><p><span style=\"font-size: 14pt; color: #ff0000;\"><strong>Schuljahr 2020\/2021 &#8211; Spa\u00df und Bewegung bei jeder jede Gelegenheit\u00a0<\/strong><\/span><\/p><p>Fit bleiben &#8211; regelm\u00e4\u00dfig bewegen und das Gemeinschaftsgef\u00fchl st\u00e4rken &#8211; auch in diesem &#8222;Corona-Schuljahr&#8220;! Ob zu Schulschlie\u00dfungszeiten oder im Wechselunterricht, wir nutzten jede Gelegenheit, um uns mit viel Spa\u00df und Freude zu bewegen.<\/p><p>Kleine Wettbewerbe im Freien wie &#8222;Wer baut den sch\u00f6nsten Schneemann?&#8220;, &#8222;Wer baut den h\u00f6chsten Schneeturm?&#8220;, &#8222;Konni-Schnee-Zweikampf&#8220;, &#8230; begleiteten uns durch die Schulschlie\u00dfungszeit. Auch sportliche Herausforderungen wie die &#8222;Hampelmann-Challenge&#8220;, &#8222;Kilometer-Challenge&#8220;, &#8222;Rope-Skipping&#8220;, &#8222;Fitnessb\u00fcchlein&#8220;, je nach Lust und pers\u00f6nlicher Neigung hielten uns fit.<\/p><p>Auch im Wechselunterricht nutzten wir jede M\u00f6glichkeit, uns drau\u00dfen zu bewegen:<\/p><p><strong>1.Dezember 2020 &#8211; der erste Schnee<\/strong><\/p><p style=\"padding-left: 240px;\"><img loading=\"lazy\" decoding=\"async\" class=\"size-medium wp-image-15501 alignnone\" src=\"https:\/\/konradschule.de\/wp-content\/uploads\/2021\/07\/Schnee-8-300x225.jpg\" alt=\"\" width=\"300\" height=\"225\" srcset=\"https:\/\/konradschule.de\/wp-content\/uploads\/2021\/07\/Schnee-8-300x225.jpg 300w, https:\/\/konradschule.de\/wp-content\/uploads\/2021\/07\/Schnee-8.jpg 320w\" sizes=\"(max-width: 300px) 100vw, 300px\" \/> <img loading=\"lazy\" decoding=\"async\" class=\"size-medium wp-image-15511 alignnone\" src=\"https:\/\/konradschule.de\/wp-content\/uploads\/2021\/07\/Schnee11-300x225.jpg\" alt=\"\" width=\"300\" height=\"225\" srcset=\"https:\/\/konradschule.de\/wp-content\/uploads\/2021\/07\/Schnee11-300x225.jpg 300w, https:\/\/konradschule.de\/wp-content\/uploads\/2021\/07\/Schnee11.jpg 320w\" sizes=\"(max-width: 300px) 100vw, 300px\" \/><\/p><p><span style=\"font-size: 14pt; color: #ff0000;\"><strong>Schonraum\u00fcbungen (November 2020) &#8211; Verkehrserziehung und Bewegung im Freien<\/strong><\/span><\/p><p style=\"padding-left: 240px;\"><img loading=\"lazy\" decoding=\"async\" class=\"size-medium wp-image-15541 alignnone\" src=\"https:\/\/konradschule.de\/wp-content\/uploads\/2021\/07\/1D5EF1A4-781B-4F50-8614-8350931AB543-300x225.jpeg\" alt=\"\" width=\"300\" height=\"225\" srcset=\"https:\/\/konradschule.de\/wp-content\/uploads\/2021\/07\/1D5EF1A4-781B-4F50-8614-8350931AB543-300x225.jpeg 300w, https:\/\/konradschule.de\/wp-content\/uploads\/2021\/07\/1D5EF1A4-781B-4F50-8614-8350931AB543-1024x768.jpeg 1024w, https:\/\/konradschule.de\/wp-content\/uploads\/2021\/07\/1D5EF1A4-781B-4F50-8614-8350931AB543-768x576.jpeg 768w, https:\/\/konradschule.de\/wp-content\/uploads\/2021\/07\/1D5EF1A4-781B-4F50-8614-8350931AB543-1536x1152.jpeg 1536w, https:\/\/konradschule.de\/wp-content\/uploads\/2021\/07\/1D5EF1A4-781B-4F50-8614-8350931AB543-2048x1536.jpeg 2048w\" sizes=\"(max-width: 300px) 100vw, 300px\" \/> \u00a0\u00a0<img loading=\"lazy\" decoding=\"async\" class=\"size-medium wp-image-15536 alignnone\" src=\"https:\/\/konradschule.de\/wp-content\/uploads\/2021\/07\/ABED4AA2-F648-4B39-B51E-D65E6F293CCB-300x225.jpeg\" alt=\"\" width=\"300\" height=\"225\" srcset=\"https:\/\/konradschule.de\/wp-content\/uploads\/2021\/07\/ABED4AA2-F648-4B39-B51E-D65E6F293CCB-300x225.jpeg 300w, https:\/\/konradschule.de\/wp-content\/uploads\/2021\/07\/ABED4AA2-F648-4B39-B51E-D65E6F293CCB-1024x768.jpeg 1024w, https:\/\/konradschule.de\/wp-content\/uploads\/2021\/07\/ABED4AA2-F648-4B39-B51E-D65E6F293CCB-768x576.jpeg 768w, https:\/\/konradschule.de\/wp-content\/uploads\/2021\/07\/ABED4AA2-F648-4B39-B51E-D65E6F293CCB-1536x1152.jpeg 1536w, https:\/\/konradschule.de\/wp-content\/uploads\/2021\/07\/ABED4AA2-F648-4B39-B51E-D65E6F293CCB-2048x1536.jpeg 2048w\" sizes=\"(max-width: 300px) 100vw, 300px\" \/><\/p><p><span style=\"font-size: 14pt; color: #ff0000;\"><strong id=\"highlight2021\">Unser Highlight 2021 &#8211; der &#8222;Konni-Dreikampf&#8220; im Eglfinger Sportstadion<\/strong><\/span><\/p><p>Alle guten Dinge sind &#8222;3&#8220;! So klappte es auch beim dritten Anlauf &#8211;\u00a0 am 22. und 23. Juli fanden bei strahlendem Sonnenschein die klasseninternen Leichtathletikwettk\u00e4mpfe im Sportpark statt. Im Laufen &#8211; Springen &#8211; Werfen wurden flei\u00dfig Punkte gesammelt. Ein Hindernisparcours bot ein zus\u00e4tzliches Bewegungsangebot und ein leckeres Eis\u00a0 &#8211; gespendet vom Elternbeirat &#8211;\u00a0 bildete den kr\u00f6nenden Abschluss. Dankesch\u00f6n!!<\/p><p style=\"padding-left: 80px;\"><img loading=\"lazy\" decoding=\"async\" class=\"size-medium wp-image-15596 alignnone\" src=\"https:\/\/konradschule.de\/wp-content\/uploads\/2021\/07\/6159A4B7-F9F2-4491-A31D-1F1503D6C442-300x225.jpeg\" alt=\"\" width=\"300\" height=\"225\" srcset=\"https:\/\/konradschule.de\/wp-content\/uploads\/2021\/07\/6159A4B7-F9F2-4491-A31D-1F1503D6C442-300x225.jpeg 300w, https:\/\/konradschule.de\/wp-content\/uploads\/2021\/07\/6159A4B7-F9F2-4491-A31D-1F1503D6C442-1024x768.jpeg 1024w, https:\/\/konradschule.de\/wp-content\/uploads\/2021\/07\/6159A4B7-F9F2-4491-A31D-1F1503D6C442-768x576.jpeg 768w, https:\/\/konradschule.de\/wp-content\/uploads\/2021\/07\/6159A4B7-F9F2-4491-A31D-1F1503D6C442-1536x1152.jpeg 1536w, https:\/\/konradschule.de\/wp-content\/uploads\/2021\/07\/6159A4B7-F9F2-4491-A31D-1F1503D6C442-2048x1536.jpeg 2048w\" sizes=\"(max-width: 300px) 100vw, 300px\" \/> <img loading=\"lazy\" decoding=\"async\" class=\"size-medium wp-image-15595 alignnone\" src=\"https:\/\/konradschule.de\/wp-content\/uploads\/2021\/07\/4166B897-D454-4506-A3E0-26E6DC53B115-300x225.jpeg\" alt=\"\" width=\"300\" height=\"225\" srcset=\"https:\/\/konradschule.de\/wp-content\/uploads\/2021\/07\/4166B897-D454-4506-A3E0-26E6DC53B115-300x225.jpeg 300w, https:\/\/konradschule.de\/wp-content\/uploads\/2021\/07\/4166B897-D454-4506-A3E0-26E6DC53B115-1024x768.jpeg 1024w, https:\/\/konradschule.de\/wp-content\/uploads\/2021\/07\/4166B897-D454-4506-A3E0-26E6DC53B115-768x576.jpeg 768w, https:\/\/konradschule.de\/wp-content\/uploads\/2021\/07\/4166B897-D454-4506-A3E0-26E6DC53B115-1536x1152.jpeg 1536w, https:\/\/konradschule.de\/wp-content\/uploads\/2021\/07\/4166B897-D454-4506-A3E0-26E6DC53B115-2048x1536.jpeg 2048w\" sizes=\"(max-width: 300px) 100vw, 300px\" \/> <img loading=\"lazy\" decoding=\"async\" class=\"size-medium wp-image-15594 alignnone\" src=\"https:\/\/konradschule.de\/wp-content\/uploads\/2021\/07\/F9A19644-FF94-452D-B526-A6F004610788-300x225.jpeg\" alt=\"\" width=\"300\" height=\"225\" srcset=\"https:\/\/konradschule.de\/wp-content\/uploads\/2021\/07\/F9A19644-FF94-452D-B526-A6F004610788-300x225.jpeg 300w, https:\/\/konradschule.de\/wp-content\/uploads\/2021\/07\/F9A19644-FF94-452D-B526-A6F004610788-1024x768.jpeg 1024w, https:\/\/konradschule.de\/wp-content\/uploads\/2021\/07\/F9A19644-FF94-452D-B526-A6F004610788-768x576.jpeg 768w, https:\/\/konradschule.de\/wp-content\/uploads\/2021\/07\/F9A19644-FF94-452D-B526-A6F004610788-1536x1152.jpeg 1536w, https:\/\/konradschule.de\/wp-content\/uploads\/2021\/07\/F9A19644-FF94-452D-B526-A6F004610788-2048x1536.jpeg 2048w\" sizes=\"(max-width: 300px) 100vw, 300px\" \/>\u00a0<\/p><p>\u00a0\u00a0<span style=\"font-size: 14pt; color: #ff0000;\"><strong>Sport nach Eins &#8211; Anf\u00e4ngerschwimmen<\/strong><\/span><\/p><p>Alle Schwimmb\u00e4der hatten &#8222;coronabedingt&#8220; monatelang geschlossen. So fanden dieses Schuljahr weder Schwimmunterricht noch Anf\u00e4ngerkurse in unserer Schule statt. Anfang Juni 2021 z\u00e4hlten wir 30 Nichtschwimmer in den 2. und 3. Klassen der Konradschule. Es musste schnellstm\u00f6glich gehandelt werden!<\/p><p>Mit Hilfe des TSV Haar, deren Trainerin Alexandra Pawelczak und zwei jungen Co-Trainerinnen aus dem Leistungsschwimmen, dem B\u00e4dermeister Sante Ciavarella und Dank der spontanen Zusage auf finanzielle Unterst\u00fctzung durch den B\u00fcrgermeister Dr. Andreas Bukowski konnte ich als Sportbeauftragte der Konradschule auf die Schnelle einen Anf\u00e4ngerschwimmkurs im Freibad Haar auf die Beine stellen.<\/p><p><strong>Herzlichen Dank an die Gemeinde Haar mit B\u00fcrgermeister Dr. Andreas Bukowski und\u00a0 Sante Ciavarella, den TSV Haar mit Herrn Machwirth<\/strong><strong>, Alexandra Pawelzcak, Lisa und Julia Kienbacher!<\/strong><\/p><p>Das fehlende Equipment &#8211; 10 Schwimmgurte, 10 Schwimmnudeln und 10 Schwimmbretter spendete uns der F\u00f6rderverein der Grundschule St. Konrad.<\/p><p><strong> An dieser Stelle nochmals ein herzliches Dankesch\u00f6n an den F\u00f6rderverein!<\/strong><\/p><p><img loading=\"lazy\" decoding=\"async\" class=\"size-medium wp-image-15625 aligncenter\" src=\"https:\/\/konradschule.de\/wp-content\/uploads\/2021\/07\/910E40B7-F77B-4257-8FEA-E183DDD406BF-300x225.jpeg\" alt=\"\" width=\"300\" height=\"225\" srcset=\"https:\/\/konradschule.de\/wp-content\/uploads\/2021\/07\/910E40B7-F77B-4257-8FEA-E183DDD406BF-300x225.jpeg 300w, https:\/\/konradschule.de\/wp-content\/uploads\/2021\/07\/910E40B7-F77B-4257-8FEA-E183DDD406BF-1024x768.jpeg 1024w, https:\/\/konradschule.de\/wp-content\/uploads\/2021\/07\/910E40B7-F77B-4257-8FEA-E183DDD406BF-768x576.jpeg 768w, https:\/\/konradschule.de\/wp-content\/uploads\/2021\/07\/910E40B7-F77B-4257-8FEA-E183DDD406BF-1536x1152.jpeg 1536w, https:\/\/konradschule.de\/wp-content\/uploads\/2021\/07\/910E40B7-F77B-4257-8FEA-E183DDD406BF-2048x1536.jpeg 2048w\" sizes=\"(max-width: 300px) 100vw, 300px\" \/>\u00a0<\/p><p>18 Kinder nahmen an 5 Sonntagen zwischen 8.00Uhr und\u00a0 10.00Uhr an dem Anf\u00e4ngerkurs teil und das bei jedem Wetter. Von den f\u00fcnf Kurstagen fanden vier Tage bei teilweise str\u00f6menden Regen und K\u00e4lte statt.<\/p><p>Obwohl es so kalt war und wir nur 5 Schwimmeinheiten je 60min hatten, konnten bereits 8 Kinder am letzten Kurstag das Seepferdchen bestehen und 3 weitere stehen kurz davor.<\/p><p><img loading=\"lazy\" decoding=\"async\" class=\"size-medium wp-image-15880 aligncenter\" src=\"https:\/\/konradschule.de\/wp-content\/uploads\/2021\/08\/A247DCC8-74BA-4B27-9757-68006106A48C-300x225.jpeg\" alt=\"\" width=\"300\" height=\"225\" srcset=\"https:\/\/konradschule.de\/wp-content\/uploads\/2021\/08\/A247DCC8-74BA-4B27-9757-68006106A48C-300x225.jpeg 300w, https:\/\/konradschule.de\/wp-content\/uploads\/2021\/08\/A247DCC8-74BA-4B27-9757-68006106A48C.jpeg 320w\" sizes=\"(max-width: 300px) 100vw, 300px\" \/><\/p><p><strong>Herzlichen Gl\u00fcckwunsch zu dem herausragendem Erfolg &#8211; ihr seid spitze!<\/strong><\/p><p>Der Schwimmkurs wird im neuen Schuljahr 2021\/2022 im St. Konrad Hallenbad fortgesetzt, so dass alle Nichtschwimmer der Konradschule noch das Schwimmen lernen.<\/p><p><strong>Liebe Gemeinde, auch hier ein gro\u00dfes Dankesch\u00f6n f\u00fcr die finanzielle Unterst\u00fctzung des Projektes &#8222;Sport nach Eins&#8220; inklusiv Anf\u00e4ngerschwimmen im kommenden Schuljahr!<\/strong><\/p><hr \/><p><span style=\"font-size: 14pt; color: #ff0000;\"><strong>E<\/strong><strong>indr\u00fccke aus dem regul\u00e4ren Sportunterricht:<\/strong><\/span><\/p><p><em>Sportunterricht in der Boulderhalle<\/em><\/p><p style=\"padding-left: 280px;\"><img loading=\"lazy\" decoding=\"async\" class=\"alignnone wp-image-9133\" src=\"https:\/\/konradschule.de\/wp-content\/uploads\/2018\/12\/IMG_8721.jpg\" alt=\"\" width=\"186\" height=\"248\" srcset=\"https:\/\/konradschule.de\/wp-content\/uploads\/2018\/12\/IMG_8721.jpg 768w, https:\/\/konradschule.de\/wp-content\/uploads\/2018\/12\/IMG_8721-225x300.jpg 225w\" sizes=\"(max-width: 186px) 100vw, 186px\" \/>\u00a0 \u00a0\u00a0\u00a0<img loading=\"lazy\" decoding=\"async\" class=\"alignnone wp-image-9125\" src=\"https:\/\/konradschule.de\/wp-content\/uploads\/2018\/12\/IMG_8765.jpg\" alt=\"\" width=\"184\" height=\"246\" srcset=\"https:\/\/konradschule.de\/wp-content\/uploads\/2018\/12\/IMG_8765.jpg 768w, https:\/\/konradschule.de\/wp-content\/uploads\/2018\/12\/IMG_8765-225x300.jpg 225w\" sizes=\"(max-width: 184px) 100vw, 184px\" \/> \u00a0<img loading=\"lazy\" decoding=\"async\" class=\"alignnone wp-image-9123\" src=\"https:\/\/konradschule.de\/wp-content\/uploads\/2018\/12\/IMG_8778.jpg\" alt=\"\" width=\"186\" height=\"248\" srcset=\"https:\/\/konradschule.de\/wp-content\/uploads\/2018\/12\/IMG_8778.jpg 768w, https:\/\/konradschule.de\/wp-content\/uploads\/2018\/12\/IMG_8778-225x300.jpg 225w\" sizes=\"(max-width: 186px) 100vw, 186px\" \/> \u00a0<\/p><p><em>Weihnachtsstaffeln in den dritten und vierten Klassen im Schwimmunterricht<\/em><\/p><p><img loading=\"lazy\" decoding=\"async\" class=\"wp-image-9101 aligncenter\" src=\"https:\/\/konradschule.de\/wp-content\/uploads\/2018\/12\/IMG_2516.jpg\" alt=\"\" width=\"268\" height=\"178\" srcset=\"https:\/\/konradschule.de\/wp-content\/uploads\/2018\/12\/IMG_2516.jpg 1024w, https:\/\/konradschule.de\/wp-content\/uploads\/2018\/12\/IMG_2516-300x200.jpg 300w, https:\/\/konradschule.de\/wp-content\/uploads\/2018\/12\/IMG_2516-768x512.jpg 768w\" sizes=\"(max-width: 268px) 100vw, 268px\" \/><\/p><p><span style=\"color: #ff0000;\"><strong>Handball-Schnupperwoche 2019<\/strong><\/span><\/p><p><em>Alle Klassen der Konradschule kamen vom 4. Februar bis 8. Februar 2019 wieder in den Genuss, Handball mit allen Sinnen zu erleben. Mijanou Leins vom TSV Haar gestaltete pro Klasse ein altersgerechtes 90min\u00fctiges Handballtraining. Vom Aufw\u00e4rmen, Kr\u00e4ftigungs\u00fcbungen \u00fcber Techniken, Kooperation und Fairness bis hin zum richtigen Handballspiel\u00a0\u00a0 &#8211; es war alles dabei.<\/em><\/p>\t\t\t\t\t\t\t\t<\/div>\n\t\t\t\t\t<\/div>\n\t\t\t\t<\/div>\n\t\t\t\t<\/div>\n\t\t","protected":false},"excerpt":{"rendered":"<p>zur\u00fcck \u00a0 Im Bereich Sport bietet unsere Schule \u00fcber den regul\u00e4ren Sport- und Schwimmunterricht hinaus noch eine Vielzahl an Projekten sowie regelm\u00e4\u00dfige, zus\u00e4tzliche Sportstunden an. In enger Zusammenarbeit mit den [&hellip;]<\/p>\n","protected":false},"author":2,"featured_media":0,"parent":0,"menu_order":0,"comment_status":"closed","ping_status":"closed","template":"","meta":{"footnotes":"","_links_to":"","_links_to_target":""},"class_list":["post-2879","page","type-page","status-publish","hentry"],"_links":{"self":[{"href":"https:\/\/konradschule.de\/index.php?rest_route=\/wp\/v2\/pages\/2879","targetHints":{"allow":["GET"]}}],"collection":[{"href":"https:\/\/konradschule.de\/index.php?rest_route=\/wp\/v2\/pages"}],"about":[{"href":"https:\/\/konradschule.de\/index.php?rest_route=\/wp\/v2\/types\/page"}],"author":[{"embeddable":true,"href":"https:\/\/konradschule.de\/index.php?rest_route=\/wp\/v2\/users\/2"}],"replies":[{"embeddable":true,"href":"https:\/\/konradschule.de\/index.php?rest_route=%2Fwp%2Fv2%2Fcomments&post=2879"}],"version-history":[{"count":186,"href":"https:\/\/konradschule.de\/index.php?rest_route=\/wp\/v2\/pages\/2879\/revisions"}],"predecessor-version":[{"id":20159,"href":"https:\/\/konradschule.de\/index.php?rest_route=\/wp\/v2\/pages\/2879\/revisions\/20159"}],"wp:attachment":[{"href":"https:\/\/konradschule.de\/index.php?rest_route=%2Fwp%2Fv2%2Fmedia&parent=2879"}],"curies":[{"name":"wp","href":"https:\/\/api.w.org\/{rel}","templated":true}]}}